{"id":951,"date":"2021-04-09T16:41:36","date_gmt":"2021-04-09T20:41:36","guid":{"rendered":"https:\/\/santateresadelosandes.org\/?page_id=951"},"modified":"2021-04-09T17:11:05","modified_gmt":"2021-04-09T21:11:05","slug":"recursos-orantes","status":"publish","type":"page","link":"https:\/\/santateresadelosandes.org\/index.php\/recursos-orantes\/","title":{"rendered":"Recursos Orantes"},"content":{"rendered":"\t\t<div data-elementor-type=\"wp-page\" data-elementor-id=\"951\" class=\"elementor elementor-951\" data-elementor-settings=\"[]\">\n\t\t\t\t\t\t<div class=\"elementor-inner\">\n\t\t\t\t\t\t\t<div class=\"elementor-section-wrap\">\n\t\t\t\t\t\t\t<section class=\"elementor-section elementor-top-section elementor-element elementor-element-7e6a3d6 elementor-section-boxed elementor-section-height-default elementor-section-height-default\" data-id=\"7e6a3d6\" data-element_type=\"section\">\n\t\t\t\t\t\t<div class=\"elementor-container elementor-column-gap-default\">\n\t\t\t\t\t\t\t<div class=\"elementor-row\">\n\t\t\t\t\t<div class=\"elementor-column elementor-col-100 elementor-top-column elementor-element elementor-element-5b065ef\" data-id=\"5b065ef\" data-element_type=\"column\">\n\t\t\t<div class=\"elementor-column-wrap\">\n\t\t\t\t\t\t\t<div class=\"elementor-widget-wrap\">\n\t\t\t\t\t\t\t\t<\/div>\n\t\t\t\t\t<\/div>\n\t\t<\/div>\n\t\t\t\t\t\t\t\t<\/div>\n\t\t\t\t\t<\/div>\n\t\t<\/section>\n\t\t\t\t<section class=\"elementor-section elementor-top-section elementor-element elementor-element-6bf1232 elementor-section-boxed elementor-section-height-default elementor-section-height-default\" data-id=\"6bf1232\" data-element_type=\"section\">\n\t\t\t\t\t\t<div class=\"elementor-container elementor-column-gap-default\">\n\t\t\t\t\t\t\t<div class=\"elementor-row\">\n\t\t\t\t\t<div class=\"elementor-column elementor-col-100 elementor-top-column elementor-element elementor-element-7e09356\" data-id=\"7e09356\" data-element_type=\"column\">\n\t\t\t<div class=\"elementor-column-wrap elementor-element-populated\">\n\t\t\t\t\t\t\t<div class=\"elementor-widget-wrap\">\n\t\t\t\t\t\t<section class=\"elementor-section elementor-inner-section elementor-element elementor-element-c9f9a3b elementor-section-boxed elementor-section-height-default elementor-section-height-default\" data-id=\"c9f9a3b\" data-element_type=\"section\">\n\t\t\t\t\t\t<div class=\"elementor-container elementor-column-gap-default\">\n\t\t\t\t\t\t\t<div class=\"elementor-row\">\n\t\t\t\t\t<div class=\"elementor-column elementor-col-100 elementor-inner-column elementor-element elementor-element-e46ecca\" data-id=\"e46ecca\" data-element_type=\"column\">\n\t\t\t<div class=\"elementor-column-wrap elementor-element-populated\">\n\t\t\t\t\t\t\t<div class=\"elementor-widget-wrap\">\n\t\t\t\t\t\t<div class=\"elementor-element elementor-element-cb122db elementor-posts--thumbnail-none elementor-grid-3 elementor-grid-tablet-2 elementor-grid-mobile-1 elementor-card-shadow-yes elementor-posts__hover-gradient elementor-widget elementor-widget-posts\" data-id=\"cb122db\" data-element_type=\"widget\" data-settings=\"{&quot;cards_row_gap&quot;:{&quot;unit&quot;:&quot;px&quot;,&quot;size&quot;:20,&quot;sizes&quot;:[]},&quot;pagination_type&quot;:&quot;numbers_and_prev_next&quot;,&quot;cards_columns&quot;:&quot;3&quot;,&quot;cards_columns_tablet&quot;:&quot;2&quot;,&quot;cards_columns_mobile&quot;:&quot;1&quot;}\" data-widget_type=\"posts.cards\">\n\t\t\t\t<div class=\"elementor-widget-container\">\n\t\t\t\t\t<div class=\"elementor-posts-container elementor-posts elementor-posts--skin-cards elementor-grid\">\n\t\t\t\t<article class=\"elementor-post elementor-grid-item post-1009 post type-post status-publish format-standard hentry category-recursos-orantes\">\n\t\t\t<div class=\"elementor-post__card\">\n\t\t\t\t<div class=\"elementor-post__text\">\n\t\t\t\t<h3 class=\"elementor-post__title\">\n\t\t\t<a href=\"https:\/\/santateresadelosandes.org\/index.php\/2021\/04\/14\/12-de-abril-aniversario-de-pascua-santa-teresa-de-los-andes\/\" >\n\t\t\t\t12 de Abril  Aniversario de Pascua Santa Teresa de Los Andes\t\t\t<\/a>\n\t\t<\/h3>\n\t\t\t\t<div class=\"elementor-post__excerpt\">\n\t\t\t\t\t<\/div>\n\t\t\t\t\t<a class=\"elementor-post__read-more\" href=\"https:\/\/santateresadelosandes.org\/index.php\/2021\/04\/14\/12-de-abril-aniversario-de-pascua-santa-teresa-de-los-andes\/\" >\n\t\t\t\tSeguir leyendo \u00bb\t\t\t<\/a>\n\t\t\t\t<\/div>\n\t\t\t\t\t<\/div>\n\t\t<\/article>\n\t\t\t\t<article class=\"elementor-post elementor-grid-item post-848 post type-post status-publish format-standard hentry category-recursos-orantes\">\n\t\t\t<div class=\"elementor-post__card\">\n\t\t\t\t<div class=\"elementor-post__text\">\n\t\t\t\t<h3 class=\"elementor-post__title\">\n\t\t\t<a href=\"https:\/\/santateresadelosandes.org\/index.php\/2021\/04\/08\/santa-teresa-de-los-andes-y-san-jose-de-nazaret\/\" >\n\t\t\t\tSanta Teresa de los Andes y San Jos\u00e9 de Nazaret\t\t\t<\/a>\n\t\t<\/h3>\n\t\t\t\t<div class=\"elementor-post__excerpt\">\n\t\t\t<p>(A\u00f1o Josefino 2020-2021) La Carta Apost\u00f3lica \u201cPatris Corde\u201d1 del Papa Francisco escrita con motivo del 150 aniversario de la declaraci\u00f3n de San Jos\u00e9 como Patrono<\/p>\n\t\t<\/div>\n\t\t\t\t\t<a class=\"elementor-post__read-more\" href=\"https:\/\/santateresadelosandes.org\/index.php\/2021\/04\/08\/santa-teresa-de-los-andes-y-san-jose-de-nazaret\/\" >\n\t\t\t\tSeguir leyendo \u00bb\t\t\t<\/a>\n\t\t\t\t<\/div>\n\t\t\t\t\t<\/div>\n\t\t<\/article>\n\t\t\t\t<article class=\"elementor-post elementor-grid-item post-846 post type-post status-publish format-standard hentry category-recursos-orantes\">\n\t\t\t<div class=\"elementor-post__card\">\n\t\t\t\t<div class=\"elementor-post__text\">\n\t\t\t\t<h3 class=\"elementor-post__title\">\n\t\t\t<a href=\"https:\/\/santateresadelosandes.org\/index.php\/2021\/04\/08\/la-felicidad-en-teresa-de-los-andes\/\" >\n\t\t\t\tLa felicidad en Teresa de los Andes\t\t\t<\/a>\n\t\t<\/h3>\n\t\t\t\t<div class=\"elementor-post__excerpt\">\n\t\t\t<p>LA ALEGR\u00cdA, FRUTO DEL AMOR Dios es un don, recordemos el di\u00e1logo de Jes\u00fas y la samaritana, \u201csi conocieras el don de Dios\u201d (Juan 4,<\/p>\n\t\t<\/div>\n\t\t\t\t\t<a class=\"elementor-post__read-more\" href=\"https:\/\/santateresadelosandes.org\/index.php\/2021\/04\/08\/la-felicidad-en-teresa-de-los-andes\/\" >\n\t\t\t\tSeguir leyendo \u00bb\t\t\t<\/a>\n\t\t\t\t<\/div>\n\t\t\t\t\t<\/div>\n\t\t<\/article>\n\t\t\t\t<article class=\"elementor-post elementor-grid-item post-844 post type-post status-publish format-standard hentry category-recursos-orantes\">\n\t\t\t<div class=\"elementor-post__card\">\n\t\t\t\t<div class=\"elementor-post__text\">\n\t\t\t\t<h3 class=\"elementor-post__title\">\n\t\t\t<a href=\"https:\/\/santateresadelosandes.org\/index.php\/2021\/04\/08\/estudio-teresiano-andinense-el-ser-victima-y-posibles-estructuras-antropologicas\/\" >\n\t\t\t\tEstudio teresiano-andinense. El Ser v\u00edctima, y posibles estructuras antropol\u00f3gicas\t\t\t<\/a>\n\t\t<\/h3>\n\t\t\t\t<div class=\"elementor-post__excerpt\">\n\t\t\t<p>Estudios teresiano-andinenses 12 de abril de 2020 Centenario de la muerte Teresa de Jes\u00fas de los Andes A mis hermanas Carmelitas Fr.Cristhian Ogueda, ocd El<\/p>\n\t\t<\/div>\n\t\t\t\t\t<a class=\"elementor-post__read-more\" href=\"https:\/\/santateresadelosandes.org\/index.php\/2021\/04\/08\/estudio-teresiano-andinense-el-ser-victima-y-posibles-estructuras-antropologicas\/\" >\n\t\t\t\tSeguir leyendo \u00bb\t\t\t<\/a>\n\t\t\t\t<\/div>\n\t\t\t\t\t<\/div>\n\t\t<\/article>\n\t\t\t\t<article class=\"elementor-post elementor-grid-item post-842 post type-post status-publish format-standard hentry category-recursos-orantes\">\n\t\t\t<div class=\"elementor-post__card\">\n\t\t\t\t<div class=\"elementor-post__text\">\n\t\t\t\t<h3 class=\"elementor-post__title\">\n\t\t\t<a href=\"https:\/\/santateresadelosandes.org\/index.php\/2021\/04\/08\/estudios-teresiano-andinense-la-idealizacion-del-sacrificio-en-la-crisis-de-discernimiento-de-teresa-de-los-andes\/\" >\n\t\t\t\tEstudios teresiano-andinense. La Idealizaci\u00f3n del Sacrificio en la Crisis de Discernimiento de Teresa de los Andes\t\t\t<\/a>\n\t\t<\/h3>\n\t\t\t\t<div class=\"elementor-post__excerpt\">\n\t\t\t<p>Estudios teresiano-andinenses Centenario Pascua Teresa de los Andes Fray Cristhian Ogueda, ocd La Idealizaci\u00f3n del Sacrificio en la Crisis de Discernimiento de Teresa de los<\/p>\n\t\t<\/div>\n\t\t\t\t\t<a class=\"elementor-post__read-more\" href=\"https:\/\/santateresadelosandes.org\/index.php\/2021\/04\/08\/estudios-teresiano-andinense-la-idealizacion-del-sacrificio-en-la-crisis-de-discernimiento-de-teresa-de-los-andes\/\" >\n\t\t\t\tSeguir leyendo \u00bb\t\t\t<\/a>\n\t\t\t\t<\/div>\n\t\t\t\t\t<\/div>\n\t\t<\/article>\n\t\t\t\t<article class=\"elementor-post elementor-grid-item post-840 post type-post status-publish format-standard hentry category-recursos-orantes\">\n\t\t\t<div class=\"elementor-post__card\">\n\t\t\t\t<div class=\"elementor-post__text\">\n\t\t\t\t<h3 class=\"elementor-post__title\">\n\t\t\t<a href=\"https:\/\/santateresadelosandes.org\/index.php\/2021\/04\/08\/estudio-teresiano-andinense-segunda-conversion\/\" >\n\t\t\t\tEstudio Teresiano-Andinense.   Segunda conversi\u00f3n\t\t\t<\/a>\n\t\t<\/h3>\n\t\t\t\t<div class=\"elementor-post__excerpt\">\n\t\t\t<p>La gracia de la segunda conversi\u00f3n en Teresa de los Andes Hay dos grandes etapas que podemos constatar en el itinerario espiritual de Teresa de<\/p>\n\t\t<\/div>\n\t\t\t\t\t<a class=\"elementor-post__read-more\" href=\"https:\/\/santateresadelosandes.org\/index.php\/2021\/04\/08\/estudio-teresiano-andinense-segunda-conversion\/\" >\n\t\t\t\tSeguir leyendo \u00bb\t\t\t<\/a>\n\t\t\t\t<\/div>\n\t\t\t\t\t<\/div>\n\t\t<\/article>\n\t\t\t\t<article class=\"elementor-post elementor-grid-item post-663 post type-post status-publish format-standard hentry category-recursos-orantes\">\n\t\t\t<div class=\"elementor-post__card\">\n\t\t\t\t<div class=\"elementor-post__text\">\n\t\t\t\t<h3 class=\"elementor-post__title\">\n\t\t\t<a href=\"https:\/\/santateresadelosandes.org\/index.php\/2020\/10\/16\/de-chacabuco-al-carmelo\/\" >\n\t\t\t\tDe Chacabuco al Carmelo\t\t\t<\/a>\n\t\t<\/h3>\n\t\t\t\t<div class=\"elementor-post__excerpt\">\n\t\t\t<p>Juanita recorr\u00eda a caballo estas tierras donde hoy se emplaza su Santuario, eran patrimonio de los Solar y su extensi\u00f3n lindaba con Argentina. Por entonces,<\/p>\n\t\t<\/div>\n\t\t\t\t\t<a class=\"elementor-post__read-more\" href=\"https:\/\/santateresadelosandes.org\/index.php\/2020\/10\/16\/de-chacabuco-al-carmelo\/\" >\n\t\t\t\tSeguir leyendo \u00bb\t\t\t<\/a>\n\t\t\t\t<\/div>\n\t\t\t\t\t<\/div>\n\t\t<\/article>\n\t\t\t\t<article class=\"elementor-post elementor-grid-item post-478 post type-post status-publish format-standard has-post-thumbnail hentry category-recursos-orantes\">\n\t\t\t<div class=\"elementor-post__card\">\n\t\t\t\t<div class=\"elementor-post__text\">\n\t\t\t\t<h3 class=\"elementor-post__title\">\n\t\t\t<a href=\"https:\/\/santateresadelosandes.org\/index.php\/2020\/07\/05\/oficio-divino-de-santa-teresita\/\" >\n\t\t\t\tOficio Divino de Santa Teresita\t\t\t<\/a>\n\t\t<\/h3>\n\t\t\t\t<div class=\"elementor-post__excerpt\">\n\t\t\t<p>13 de julio SANTA TERESA DE LOS ANDES Fiesta Juanita Fern\u00e1ndez Solar vino al mundo en Santiago de Chile el 13 de julio del a\u00f1o<\/p>\n\t\t<\/div>\n\t\t\t\t\t<a class=\"elementor-post__read-more\" href=\"https:\/\/santateresadelosandes.org\/index.php\/2020\/07\/05\/oficio-divino-de-santa-teresita\/\" >\n\t\t\t\tSeguir leyendo \u00bb\t\t\t<\/a>\n\t\t\t\t<\/div>\n\t\t\t\t\t<\/div>\n\t\t<\/article>\n\t\t\t\t<article class=\"elementor-post elementor-grid-item post-476 post type-post status-publish format-standard has-post-thumbnail hentry category-recursos-orantes\">\n\t\t\t<div class=\"elementor-post__card\">\n\t\t\t\t<div class=\"elementor-post__text\">\n\t\t\t\t<h3 class=\"elementor-post__title\">\n\t\t\t<a href=\"https:\/\/santateresadelosandes.org\/index.php\/2020\/07\/01\/novena-a-santa-teresita-de-los-andes\/\" >\n\t\t\t\tNovena a Santa Teresita de los Andes\t\t\t<\/a>\n\t\t<\/h3>\n\t\t\t\t<div class=\"elementor-post__excerpt\">\n\t\t\t<p>NOVENA A SANTA TERESITA DE LOS ANDES &nbsp;Todos los d\u00edas de la novena al comenzar se reza lo siguiente:Puestos en la presencia del Se\u00f1or, despu\u00e9s<\/p>\n\t\t<\/div>\n\t\t\t\t\t<a class=\"elementor-post__read-more\" href=\"https:\/\/santateresadelosandes.org\/index.php\/2020\/07\/01\/novena-a-santa-teresita-de-los-andes\/\" >\n\t\t\t\tSeguir leyendo \u00bb\t\t\t<\/a>\n\t\t\t\t<\/div>\n\t\t\t\t\t<\/div>\n\t\t<\/article>\n\t\t\t\t<article class=\"elementor-post elementor-grid-item post-474 post type-post status-publish format-standard has-post-thumbnail hentry category-recursos-orantes\">\n\t\t\t<div class=\"elementor-post__card\">\n\t\t\t\t<div class=\"elementor-post__text\">\n\t\t\t\t<h3 class=\"elementor-post__title\">\n\t\t\t<a href=\"https:\/\/santateresadelosandes.org\/index.php\/2020\/07\/01\/misa-santa-teresita\/\" >\n\t\t\t\tMisa Santa Teresita\t\t\t<\/a>\n\t\t<\/h3>\n\t\t\t\t<div class=\"elementor-post__excerpt\">\n\t\t\t<p>SANTA TERESA DE LOS ANDES FIESTA Juanita Fern\u00e1ndez Solar vino al mundo en Santiago de Chile el 13 de julio de 1900. Desde su adolescencia<\/p>\n\t\t<\/div>\n\t\t\t\t\t<a class=\"elementor-post__read-more\" href=\"https:\/\/santateresadelosandes.org\/index.php\/2020\/07\/01\/misa-santa-teresita\/\" >\n\t\t\t\tSeguir leyendo \u00bb\t\t\t<\/a>\n\t\t\t\t<\/div>\n\t\t\t\t\t<\/div>\n\t\t<\/article>\n\t\t\t\t<\/div>\n\n\n\t\t\n\t\t\t\t<\/div>\n\t\t\t\t<\/div>\n\t\t\t\t\t\t<\/div>\n\t\t\t\t\t<\/div>\n\t\t<\/div>\n\t\t\t\t\t\t\t\t<\/div>\n\t\t\t\t\t<\/div>\n\t\t<\/section>\n\t\t\t\t\t\t<\/div>\n\t\t\t\t\t<\/div>\n\t\t<\/div>\n\t\t\t\t\t\t\t\t<\/div>\n\t\t\t\t\t<\/div>\n\t\t<\/section>\n\t\t\t\t\t\t<\/div>\n\t\t\t\t\t\t<\/div>\n\t\t\t\t\t<\/div>\n\t\t","protected":false},"excerpt":{"rendered":"","protected":false},"author":1,"featured_media":0,"parent":0,"menu_order":0,"comment_status":"closed","ping_status":"closed","template":"","meta":[],"_links":{"self":[{"href":"https:\/\/santateresadelosandes.org\/index.php\/wp-json\/wp\/v2\/pages\/951"}],"collection":[{"href":"https:\/\/santateresadelosandes.org\/index.php\/wp-json\/wp\/v2\/pages"}],"about":[{"href":"https:\/\/santateresadelosandes.org\/index.php\/wp-json\/wp\/v2\/types\/page"}],"author":[{"embeddable":true,"href":"https:\/\/santateresadelosandes.org\/index.php\/wp-json\/wp\/v2\/users\/1"}],"replies":[{"embeddable":true,"href":"https:\/\/santateresadelosandes.org\/index.php\/wp-json\/wp\/v2\/comments?post=951"}],"version-history":[{"count":13,"href":"https:\/\/santateresadelosandes.org\/index.php\/wp-json\/wp\/v2\/pages\/951\/revisions"}],"predecessor-version":[{"id":972,"href":"https:\/\/santateresadelosandes.org\/index.php\/wp-json\/wp\/v2\/pages\/951\/revisions\/972"}],"wp:attachment":[{"href":"https:\/\/santateresadelosandes.org\/index.php\/wp-json\/wp\/v2\/media?parent=951"}],"curies":[{"name":"wp","href":"https:\/\/api.w.org\/{rel}","templated":true}]}}